{"id":942,"date":"2014-12-12T16:34:57","date_gmt":"2014-12-12T14:34:57","guid":{"rendered":"http:\/\/www.saw-biz.net\/?page_id=942"},"modified":"2023-07-16T15:45:54","modified_gmt":"2023-07-16T13:45:54","slug":"termine-mannheim","status":"publish","type":"page","link":"https:\/\/saw-biz.net\/home\/termine-mannheim\/","title":{"rendered":"Termine Mannheim"},"content":{"rendered":"<p><span style=\"color: #ffffff;\">Hier finden Sie unsere aktuellen Termine f\u00fcr den\u00a0Standort Mannheim.<\/span><\/p>\n<p><span style=\"color: #ffffff;\">F\u00fcr alle Lehrg\u00e4nge haben wir eine begrenzte Teilnehmerzahl von jeweils 15 Personen vorgesehen.<\/span><br \/>\n<span style=\"color: #ffffff;\">Unsere Ansprechpartner stehen Ihnen telefonisch t\u00e4glich von 08.00 Uhr &#8211; 16.00 Uhr zur Verf\u00fcgung.<\/span><\/p>\n<p><span style=\"color: #ffffff;\">Fordern Sie<\/span>\u00a0<span style=\"color: #339966;\"><a style=\"color: #339966;\" href=\"http:\/\/saw-biz.net\/kontakt-2\/\">hier<\/a><\/span> <span style=\"color: #ffffff;\">kostenlose Informationen an.<\/span><\/p>\n<p><span style=\"background-color: #ffffff;\"><h2 id=\"tablepress-4-name\" class=\"tablepress-table-name tablepress-table-name-id-4\">Mannheim<\/h2>\n\n<table id=\"tablepress-4\" class=\"tablepress tablepress-id-4\" aria-labelledby=\"tablepress-4-name\">\n<thead>\n<tr class=\"row-1 odd\">\n\t<th class=\"column-1\">Lehrgang<\/th><th class=\"column-2\">Beginn<\/th><th class=\"column-3\">Ende<\/th>\n<\/tr>\n<\/thead>\n<tbody class=\"row-hover\">\n<tr class=\"row-2 even\">\n\t<td class=\"column-1\">Vorbereitung auf die IHK-Sachkundepr\u00fcfung nach \u00a7 34a GewO<br \/>\n(6 Wochen) Pr\u00e4senzunterricht<\/td><td class=\"column-2\">04.05.2026<br \/>\n29.06.2026<br \/>\n31.08.2026<br \/>\n02.11.2026<br \/>\n<\/td><td class=\"column-3\">17.06.2026<br \/>\n10.08.2026<br \/>\n12.10.2026<br \/>\n11.12.2026<\/td>\n<\/tr>\n<tr class=\"row-3 odd\">\n\t<td class=\"column-1\">Online-Sachkundevorbereitung \u00a7 34a GewO  Abendkurs<\/td><td class=\"column-2\">Auf Anfrage<\/td><td class=\"column-3\"><\/td>\n<\/tr>\n<tr class=\"row-4 even\">\n\t<td class=\"column-1\">Grundausbildung Sicherheitskraft<br \/>\n5,5 Monate<br \/>\n<br \/>\n+ Sachkundepr\u00fcfung \u00a734a GewO<br \/>\n+ Sanit\u00e4tslehrgang<br \/>\n+ Waffensachkunde \u00a77 WaffG<br \/>\n+ Brandschutzhelfer<br \/>\n<br \/>\n<\/td><td class=\"column-2\">04.05.2026<br \/>\n29.06.2026<br \/>\n31.08.2026<br \/>\n02.11.2026<\/td><td class=\"column-3\">15.10.2026<br \/>\n27.11.2026<br \/>\n19.02.2027<br \/>\n27.04.2027<\/td>\n<\/tr>\n<tr class=\"row-5 odd\">\n\t<td class=\"column-1\">Mobile Sicherheitskraft inkl. PKW F\u00fchrerschein<br \/>\n6 Monate<br \/>\n<br \/>\n+ Sachkundepr\u00fcfung \u00a734a GewO<br \/>\n+ Waffensachkunde WaffG \u00a77<br \/>\n+ PKW F\u00fchrerschein<br \/>\n+ Erste Hilfe<br \/>\n+ Brandschutzhelfer<br \/>\n<\/td><td class=\"column-2\">04.05.2026<br \/>\n29.06.2026<br \/>\n31.08.2026<br \/>\n02.11.2026<\/td><td class=\"column-3\">27.10.2026<br \/>\n11.12.2026<br \/>\n05.03.2027<br \/>\n13.05.2027<\/td>\n<\/tr>\n<tr class=\"row-6 even\">\n\t<td class=\"column-1\">Fachkraft f\u00fcr Schutz und Sicherheit (ext. Pr\u00fcfung) IHK Abschluss auch BfD gef\u00f6rdert<\/td><td class=\"column-2\">29.06.2026<\/td><td class=\"column-3\">11.12.2026<\/td>\n<\/tr>\n<tr class=\"row-7 odd\">\n\t<td class=\"column-1\">Umschulung zur IHK-Fachkraft f\u00fcr Schutz und Sicherheit<br \/>\n+ Sachkundepr\u00fcfung \u00a734a GewO<br \/>\n+ Sanit\u00e4tslehrgang<br \/>\n+ Waffensachkunde \u00a77 WaffG<br \/>\n+ Brandschutzhelfer<br \/>\n+ Waffensachkunde<\/td><td class=\"column-2\">04.05.2026<br \/>\n31.08.2026<\/td><td class=\"column-3\">06.04.2028<\/td>\n<\/tr>\n<tr class=\"row-8 even\">\n\t<td class=\"column-1\">Sanit\u00e4tslehrgang (5 Tage)<br \/>\nerweiterter 1. Hilfe Kurs f\u00fcr Sicherheitsmitarbeiter<\/td><td class=\"column-2\">Auf Anfrage<\/td><td class=\"column-3\"><\/td>\n<\/tr>\n<tr class=\"row-9 odd\">\n\t<td class=\"column-1\">Waffensachkunde \u00a7 7 WaffG (5 Tage)<br \/>\nmit Bildungsgutschein oder Selbstzahler <\/td><td class=\"column-2\">20.04.2026<\/td><td class=\"column-3\">24.04.2026<\/td>\n<\/tr>\n<tr class=\"row-10 even\">\n\t<td class=\"column-1\">Brandschutz- und Evakuierungshelfer <\/td><td class=\"column-2\">Auf Anfrage<\/td><td class=\"column-3\"><\/td>\n<\/tr>\n<tr class=\"row-11 odd\">\n\t<td class=\"column-1\">Erste-Hilfe-Kurs<br \/>\n<\/td><td class=\"column-2\">Auf Anfrage<\/td><td class=\"column-3\"><\/td>\n<\/tr>\n<tr class=\"row-12 even\">\n\t<td class=\"column-1\">Kompaktlehrgang Sicherheitskraft<br \/>\n(inkl. IHK-Unterrichtungsverfahren nach \u00a7 34a GewO, Brandschutzhelfer, Erste-Hilfe-Kurs, Vorbereitung auf die Sachkundepr\u00fcfung nach\u00a734a GewO (ohne Pr\u00fcfung)<\/td><td class=\"column-2\">04.05.2026<br \/>\n29.06.2026<br \/>\n31.08.2026<br \/>\n02.11.2026<\/td><td class=\"column-3\">31.07.2026<br \/>\n18.09.2026<br \/>\n12.10.2026<br \/>\n12.02.2027<\/td>\n<\/tr>\n<tr class=\"row-13 odd\">\n\t<td class=\"column-1\"><\/td><td class=\"column-2\"><\/td><td class=\"column-3\"><\/td>\n<\/tr>\n<\/tbody>\n<\/table>\n<\/span><\/p>","protected":false},"excerpt":{"rendered":"<p>Hier finden Sie unsere aktuellen Termine f\u00fcr den\u00a0Standort Mannheim. F\u00fcr alle Lehrg\u00e4nge haben wir eine begrenzte Teilnehmerzahl von jeweils 15 Personen vorgesehen. Unsere Ansprechpartner stehen Ihnen telefonisch t\u00e4glich von 08.00 Uhr &#8211; 16.00 Uhr zur Verf\u00fcgung. Fordern Sie\u00a0hier kostenlose Informationen an.<\/p>","protected":false},"author":1,"featured_media":0,"parent":0,"menu_order":600,"comment_status":"closed","ping_status":"closed","template":"","meta":{"_exactmetrics_skip_tracking":false,"_exactmetrics_sitenote_active":false,"_exactmetrics_sitenote_note":"","_exactmetrics_sitenote_category":0,"jetpack_post_was_ever_published":false,"footnotes":"","_links_to":"","_links_to_target":""},"class_list":["post-942","page","type-page","status-publish","hentry"],"jetpack_sharing_enabled":true,"jetpack_shortlink":"https:\/\/wp.me\/P5coPr-fc","jetpack-related-posts":[{"id":1093,"url":"https:\/\/saw-biz.net\/home\/mannheim\/","url_meta":{"origin":942,"position":0},"title":"Mannheim","author":"admin","date":"19. Dezember 2014","format":false,"excerpt":"Standort: MannheimIm Pfeiffersw\u00f6rth 32-3668167 Mannheim \u00a0 \u00a0 \u00a0 \u00a0 Telefon: 0621 - \u00a081 09 71 05 \u00a0 Telefax: 0621 - \u00a086 08 59 81 Die aktuellen Kurstermine finden Sie\u00a0hier. \u00a0 \u00a0 \u00a0","rel":"","context":"\u00c4hnlicher Beitrag","block_context":{"text":"\u00c4hnlicher Beitrag","link":""},"img":{"alt_text":"","src":"https:\/\/i0.wp.com\/saw-biz.net\/wp-content\/uploads\/2023\/07\/Fahnen-saw-2.jpg?resize=350%2C200&ssl=1","width":350,"height":200,"srcset":"https:\/\/i0.wp.com\/saw-biz.net\/wp-content\/uploads\/2023\/07\/Fahnen-saw-2.jpg?resize=350%2C200&ssl=1 1x, https:\/\/i0.wp.com\/saw-biz.net\/wp-content\/uploads\/2023\/07\/Fahnen-saw-2.jpg?resize=700%2C400&ssl=1 2x, https:\/\/i0.wp.com\/saw-biz.net\/wp-content\/uploads\/2023\/07\/Fahnen-saw-2.jpg?resize=1050%2C600&ssl=1 3x"},"classes":[]},{"id":8756,"url":"https:\/\/saw-biz.net\/home\/mannheim-2\/","url_meta":{"origin":942,"position":1},"title":"Mannheim","author":"admin","date":"8. Juli 2020","format":false,"excerpt":"Standort: MannheimIm Pfeiffersw\u00f6rth 32-3668167 Mannheim Telefon: 0621 - \u00a081 09 71 05Email: info@saw-biz.de Die aktuellen Kurstermine finden Sie\u00a0hier. Follow @SAW_Mannheim Ansprechpartner: \u00a0 \u00a0 Senol SenocakGesch\u00e4ftsf\u00fchrers.senocak@saw-biz.net","rel":"","context":"\u00c4hnlicher Beitrag","block_context":{"text":"\u00c4hnlicher Beitrag","link":""},"img":{"alt_text":"","src":"https:\/\/i0.wp.com\/saw-biz.net\/wp-content\/uploads\/2015\/09\/IMG_1550.jpg?resize=350%2C200&ssl=1","width":350,"height":200,"srcset":"https:\/\/i0.wp.com\/saw-biz.net\/wp-content\/uploads\/2015\/09\/IMG_1550.jpg?resize=350%2C200&ssl=1 1x, https:\/\/i0.wp.com\/saw-biz.net\/wp-content\/uploads\/2015\/09\/IMG_1550.jpg?resize=700%2C400&ssl=1 2x, https:\/\/i0.wp.com\/saw-biz.net\/wp-content\/uploads\/2015\/09\/IMG_1550.jpg?resize=1050%2C600&ssl=1 3x"},"classes":[]},{"id":464,"url":"https:\/\/saw-biz.net\/home\/impressum-2\/","url_meta":{"origin":942,"position":2},"title":"Impressum","author":"admin","date":"16. August 2014","format":false,"excerpt":"Angaben gem\u00e4\u00df \u00a7 5 TMG: SAW-Bildungszentrum Rhein-Neckar UG (haftungsbeschr\u00e4nkt) Im Pfeiffersw\u00f6rth 32-36 68167 Mannheim Telefon: 0621 - 81 09 71 05 Gesch\u00e4ftsf\u00fchrer: Senol Senocak Umsatzsteuer-Identifikationsnummer: DE37002\/58046 web: www.saw-biz.net e-mail: info@saw-biz.de Verantwortlich f\u00fcr den Inhalt nach \u00a7 55 Abs. 2 RStV: Senol Senocak Planung, Programmierung und Betreuung des Internetauftritt Senol Senocak\u2026","rel":"","context":"\u00c4hnlicher Beitrag","block_context":{"text":"\u00c4hnlicher Beitrag","link":""},"img":{"alt_text":"","src":"","width":0,"height":0},"classes":[]},{"id":1067,"url":"https:\/\/saw-biz.net\/home\/bildung\/sicherheit\/fachkraft-fuer-schutz-und-sicherheit\/","url_meta":{"origin":942,"position":3},"title":"Fachkraft f\u00fcr Schutz und Sicherheit","author":"admin","date":"18. Dezember 2014","format":false,"excerpt":"[pdf_button]\/wp-content\/uploads\/2015\/09\/Sicherheit-Fachkraft-Schutz-und-Sicherheit.pdf[\/pdf_button] Vorwort Fachkr\u00e4fte f\u00fcr Schutz und Sicherheit sch\u00fctzen Personen, Objekte, Anlagen und Werte. Sie planen vorbeugende Ma\u00dfnahmen f\u00fcr deren Sicherheit bzw. zur Abwehr von Gefahren und f\u00fchren sie durch. In erster Linie arbeiten sie in Betrieben des Objekt-, Werte- und Personenschutzes bzw. in der Sicherheitsberatung und -schulung. Auch in Flughafenbetrieben\u2026","rel":"","context":"\u00c4hnlicher Beitrag","block_context":{"text":"\u00c4hnlicher Beitrag","link":""},"img":{"alt_text":"","src":"","width":0,"height":0},"classes":[]},{"id":1051,"url":"https:\/\/saw-biz.net\/home\/datenschutzerklaerung\/","url_meta":{"origin":942,"position":4},"title":"Datenschutzerkl\u00e4rung","author":"admin","date":"16. Dezember 2014","format":false,"excerpt":"Datenschutzerkl\u00e4rung Name und Kontaktdaten des f\u00fcr die Verarbeitung Verantwortlichen sowie des betrieblichen Datenschutzbeauftragten Diese Datenschutz-Information gilt f\u00fcr die Datenverarbeitung durch: Verantwortlicher: SAW-Bildungszentrum Rhein-Neckar UG (haftungsbeschr\u00e4nkt) Gesch\u00e4ftsf\u00fchrer: Senol Senocak Im Pfeiffersw\u00f6rth 32-36 68167 Mannheim Email: info@saw-biz.net Telefon: +49 621 \/ 81 09 71 05 Der betriebliche Datenschutzbeauftragte von SAW-Bildungszentrum Rhein-Neckar UG\u2026","rel":"","context":"\u00c4hnlicher Beitrag","block_context":{"text":"\u00c4hnlicher Beitrag","link":""},"img":{"alt_text":"","src":"","width":0,"height":0},"classes":[]},{"id":12629,"url":"https:\/\/saw-biz.net\/home\/kompaktlehrgang-sicherheitskraft\/","url_meta":{"origin":942,"position":5},"title":"Kompaktlehrgang Sicherheitskraft","author":"admin","date":"13. Juli 2023","format":false,"excerpt":"Vorwort Wir verstehen, dass die sprachliche Barriere eine Herausforderung darstellen kann, aber wir sind fest davon \u00fcberzeugt, dass Sprache keine Grenzen setzen sollte, wenn es um die Sicherheit von Menschen und Eigentum geht. Der Kompaktlehrgang beinhaltet das Unterrichtsverfahren gem\u00e4\u00df \u00a734a GewO, dass mit dem Deutsch Niveau B1 gut absolviert werden\u2026","rel":"","context":"\u00c4hnlicher Beitrag","block_context":{"text":"\u00c4hnlicher Beitrag","link":""},"img":{"alt_text":"","src":"","width":0,"height":0},"classes":[]}],"_links":{"self":[{"href":"https:\/\/saw-biz.net\/home\/wp-json\/wp\/v2\/pages\/942","targetHints":{"allow":["GET"]}}],"collection":[{"href":"https:\/\/saw-biz.net\/home\/wp-json\/wp\/v2\/pages"}],"about":[{"href":"https:\/\/saw-biz.net\/home\/wp-json\/wp\/v2\/types\/page"}],"author":[{"embeddable":true,"href":"https:\/\/saw-biz.net\/home\/wp-json\/wp\/v2\/users\/1"}],"replies":[{"embeddable":true,"href":"https:\/\/saw-biz.net\/home\/wp-json\/wp\/v2\/comments?post=942"}],"version-history":[{"count":26,"href":"https:\/\/saw-biz.net\/home\/wp-json\/wp\/v2\/pages\/942\/revisions"}],"predecessor-version":[{"id":12663,"href":"https:\/\/saw-biz.net\/home\/wp-json\/wp\/v2\/pages\/942\/revisions\/12663"}],"wp:attachment":[{"href":"https:\/\/saw-biz.net\/home\/wp-json\/wp\/v2\/media?parent=942"}],"curies":[{"name":"wp","href":"https:\/\/api.w.org\/{rel}","templated":true}]}}